{"id":22992559,"date":"2023-10-04T12:24:21","date_gmt":"2023-10-04T16:24:21","guid":{"rendered":"https:\/\/clarkcordonbleu.ca\/?page_id=22992559"},"modified":"2024-11-12T14:14:34","modified_gmt":"2024-11-12T19:14:34","slug":"our-board-of-directors","status":"publish","type":"page","link":"https:\/\/clarkcordonbleu.ca\/en\/our-board-of-directors\/","title":{"rendered":"Our Board of Directors"},"content":{"rendered":"<p>[et_pb_section fb_built=&#8221;1&#8243; custom_padding_last_edited=&#8221;on|phone&#8221; _builder_version=&#8221;4.27.0&#8243; _module_preset=&#8221;default&#8221; background_color=&#8221;#C11E3C&#8221; custom_padding=&#8221;3%||7%||false|false&#8221; custom_padding_tablet=&#8221;3%||7%||false|false&#8221; custom_padding_phone=&#8221;3%||15%||false|false&#8221; bottom_divider_style=&#8221;wave&#8221; bottom_divider_color=&#8221;#FFFFFF&#8221; bottom_divider_height=&#8221;120px&#8221; bottom_divider_flip=&#8221;vertical&#8221; global_colors_info=&#8221;{}&#8221;][et_pb_row _builder_version=&#8221;4.19.1&#8243; _module_preset=&#8221;default&#8221; max_width=&#8221;80%&#8221; custom_padding=&#8221;||4%||false|false&#8221; global_colors_info=&#8221;{}&#8221;][et_pb_column type=&#8221;4_4&#8243; _builder_version=&#8221;4.19.1&#8243; _module_preset=&#8221;default&#8221; global_colors_info=&#8221;{}&#8221;][et_pb_text _builder_version=&#8221;4.22.1&#8243; _module_preset=&#8221;default&#8221; header_text_align=&#8221;left&#8221; header_text_color=&#8221;#FFFFFF&#8221; header_font_size=&#8221;5em&#8221; width=&#8221;100%&#8221; custom_margin=&#8221;30px||0px||false|false&#8221; custom_padding=&#8221;||||false|false&#8221; header_text_align_tablet=&#8221;left&#8221; header_text_align_phone=&#8221;left&#8221; header_text_align_last_edited=&#8221;on|phone&#8221; header_font_size_tablet=&#8221;4em&#8221; header_font_size_phone=&#8221;3em&#8221; header_font_size_last_edited=&#8221;on|tablet&#8221; global_colors_info=&#8221;{}&#8221;]<\/p>\n<h1>Our Board of Directors <\/h1>\n<p>&nbsp;<\/p>\n<p>[\/et_pb_text][\/et_pb_column][\/et_pb_row][\/et_pb_section][et_pb_section fb_built=&#8221;1&#8243; _builder_version=&#8221;4.19.1&#8243; _module_preset=&#8221;default&#8221; background_color=&#8221;#FFFFFF&#8221; custom_padding=&#8221;0px||5%||false|false&#8221; global_colors_info=&#8221;{}&#8221;][et_pb_row column_structure=&#8221;3_5,2_5&#8243; module_class=&#8221;reverse&#8221; _builder_version=&#8221;4.27.0&#8243; _module_preset=&#8221;default&#8221; max_width=&#8221;80%&#8221; custom_padding=&#8221;||0px||false|false&#8221; hover_enabled=&#8221;0&#8243; global_colors_info=&#8221;{}&#8221; custom_css_main_element_last_edited=&#8221;off|tablet&#8221; custom_css_main_element_tablet=&#8221;display: flex;||flex-direction: column-reverse;&#8221; sticky_enabled=&#8221;0&#8243;][et_pb_column type=&#8221;3_5&#8243; _builder_version=&#8221;4.27.0&#8243; _module_preset=&#8221;default&#8221; global_colors_info=&#8221;{}&#8221;][et_pb_text _builder_version=&#8221;4.27.0&#8243; _module_preset=&#8221;default&#8221; header_3_font=&#8221;||||||||&#8221; header_3_font_size=&#8221;3em&#8221; custom_margin=&#8221;||5px|||&#8221; global_colors_info=&#8221;{}&#8221;]<\/p>\n<h3>John LeBoutillier<\/h3>\n<p>[\/et_pb_text][et_pb_text _builder_version=&#8221;4.27.0&#8243; _module_preset=&#8221;default&#8221; hover_enabled=&#8221;0&#8243; global_colors_info=&#8221;{}&#8221; sticky_enabled=&#8221;0&#8243;]<\/p>\n<p>Renowned for his successful track record, John LeBoutillier, Chairman of Cordon Bleu\u2019s Board of Directors is a highly respected figure in business. His extensive experience in corporate strategy and market development, coupled with his global outlook, allows him to make significant contributions to the boards he serves.<\/p>\n<p>Throughout his career, Mr. LeBoutillier has held key leadership positions in the metallurgical and mining sectors, notably serving as the head of Sidbec-Dosco (now ArcelorMittal Produits longs) and Iron Ore Company of Canada. He has also chaired the boards of directors of Industrial Alliance, Semafo, the Conseil du patronat du Qu\u00e9bec and Tennis Canada. He was a member of the Board of Governors of Universit\u00e9 du Qu\u00e9bec and is currently Chairman of Groupe Desch\u00eanes Inc\u2019s board.<\/p>\n<p>Mr. LeBoutillier is involved with numerous scientific, cultural and medical organizations and also a member of the Order of Canada. He has been Chairman of Cordon Bleu\u2019s Board of Directors since 2018.<\/p>\n<p>[\/et_pb_text][\/et_pb_column][et_pb_column type=&#8221;2_5&#8243; _builder_version=&#8221;4.19.1&#8243; _module_preset=&#8221;default&#8221; global_colors_info=&#8221;{}&#8221;][dipi_floating_multi_images fmi_height_tablet=&#8221;&#8221; fmi_height_phone=&#8221;260px&#8221; fmi_height_last_edited=&#8221;on|phone&#8221; _builder_version=&#8221;4.27.0&#8243; _module_preset=&#8221;default&#8221; width=&#8221;80%&#8221; module_alignment=&#8221;center&#8221; animation_style=&#8221;fade&#8221; hover_enabled=&#8221;0&#8243; global_colors_info=&#8221;{}&#8221; sticky_enabled=&#8221;0&#8243;][dipi_floating_multi_images_child img_src=&#8221;https:\/\/clarkcordonbleu.ca\/wp-content\/uploads\/2023\/11\/john-lebouthiller.jpg&#8221; img_alt=&#8221;Rob McKenzie President and Chief Executive Officer&#8221; _builder_version=&#8221;4.22.1&#8243; _module_preset=&#8221;default&#8221; border_radii_item=&#8221;on|100%|100%|100%|100%&#8221; global_colors_info=&#8221;{}&#8221;][\/dipi_floating_multi_images_child][\/dipi_floating_multi_images][\/et_pb_column][\/et_pb_row][\/et_pb_section][et_pb_section fb_built=&#8221;1&#8243; custom_padding_last_edited=&#8221;on|tablet&#8221; _builder_version=&#8221;4.19.1&#8243; _module_preset=&#8221;default&#8221; background_color=&#8221;#ffffff&#8221; custom_padding=&#8221;5%||5%||false|false&#8221; custom_padding_tablet=&#8221;5%||5%||false|false&#8221; custom_padding_phone=&#8221;0%||||false|false&#8221; global_colors_info=&#8221;{}&#8221;][et_pb_row column_structure=&#8221;2_5,3_5&#8243; _builder_version=&#8221;4.27.0&#8243; _module_preset=&#8221;default&#8221; max_width=&#8221;80%&#8221; global_colors_info=&#8221;{}&#8221; custom_css_main_element_last_edited=&#8221;on|tablet&#8221; custom_css_main_element_tablet=&#8221;display: flex;||flex-direction: column-reverse;&#8221; custom_css_main_element_phone=&#8221;display: flex;||flex-direction: column-reverse;&#8221;][et_pb_column type=&#8221;2_5&#8243; _builder_version=&#8221;4.19.1&#8243; _module_preset=&#8221;default&#8221; global_colors_info=&#8221;{}&#8221;][dipi_floating_multi_images fmi_height_tablet=&#8221;&#8221; fmi_height_phone=&#8221;200px&#8221; fmi_height_last_edited=&#8221;on|phone&#8221; _builder_version=&#8221;4.27.0&#8243; _module_preset=&#8221;default&#8221; width=&#8221;80%&#8221; module_alignment=&#8221;center&#8221; custom_padding_tablet=&#8221;10%||25%||false|false&#8221; custom_padding_phone=&#8221;0%||0%||true|false&#8221; custom_padding_last_edited=&#8221;on|tablet&#8221; animation_style=&#8221;fade&#8221; hover_enabled=&#8221;0&#8243; global_colors_info=&#8221;{}&#8221; sticky_enabled=&#8221;0&#8243;][dipi_floating_multi_images_child img_src=&#8221;https:\/\/clarkcordonbleu.ca\/wp-content\/uploads\/2023\/11\/rob-mckenzie.jpg&#8221; img_alt=&#8221;Daniel Nizri Vice-President, Finance and Supply Chain&#8221; _builder_version=&#8221;4.22.1&#8243; _module_preset=&#8221;default&#8221; border_radii_item=&#8221;on|100%|100%|100%|100%&#8221; global_colors_info=&#8221;{}&#8221;][\/dipi_floating_multi_images_child][\/dipi_floating_multi_images][\/et_pb_column][et_pb_column type=&#8221;3_5&#8243; _builder_version=&#8221;4.19.1&#8243; _module_preset=&#8221;default&#8221; global_colors_info=&#8221;{}&#8221;][et_pb_text _builder_version=&#8221;4.27.0&#8243; _module_preset=&#8221;default&#8221; header_3_font=&#8221;||||||||&#8221; header_3_font_size=&#8221;3em&#8221; custom_margin=&#8221;||5px|||&#8221; global_colors_info=&#8221;{}&#8221;]<\/p>\n<h3>Rob McKenzie<\/h3>\n<p>[\/et_pb_text][et_pb_text _builder_version=&#8221;4.27.0&#8243; _module_preset=&#8221;default&#8221; custom_margin_tablet=&#8221;||48px||false|false&#8221; custom_margin_phone=&#8221;||32px||false|false&#8221; custom_margin_last_edited=&#8221;on|phone&#8221; global_colors_info=&#8221;{}&#8221;]<\/p>\n<p>Rob McKenzie, President and CEO, brings over 35 years of business management experience in the consumer packaged goods industry. Starting his career in marketing and sales, he progressively transitioned into general management roles. He has built a reputation as a turnaround specialist, with his proven ability to restore financial health and revitalize organizational culture in multiple firms.<\/p>\n<p>Mr. McKenzie has a natural talent for aligning a company&#8217;s economic and human priorities, ensuring that the two pillars support rather than contradict each other. His management skills and personal qualities make him a leader who inspires his colleagues to become better managers and better people.<\/p>\n<p>[\/et_pb_text][\/et_pb_column][\/et_pb_row][\/et_pb_section][et_pb_section fb_built=&#8221;1&#8243; custom_padding_last_edited=&#8221;on|tablet&#8221; _builder_version=&#8221;4.19.1&#8243; _module_preset=&#8221;default&#8221; background_color=&#8221;#ffffff&#8221; custom_padding=&#8221;5%||5%||false|false&#8221; custom_padding_tablet=&#8221;5%||5%||false|false&#8221; custom_padding_phone=&#8221;0%||||false|false&#8221; global_colors_info=&#8221;{}&#8221;][et_pb_row column_structure=&#8221;3_5,2_5&#8243; _builder_version=&#8221;4.27.0&#8243; _module_preset=&#8221;default&#8221; max_width=&#8221;80%&#8221; global_colors_info=&#8221;{}&#8221; custom_css_main_element_last_edited=&#8221;off|phone&#8221; custom_css_main_element_tablet=&#8221;display: flex;||flex-direction: column-reverse;&#8221;][et_pb_column type=&#8221;3_5&#8243; _builder_version=&#8221;4.19.1&#8243; _module_preset=&#8221;default&#8221; global_colors_info=&#8221;{}&#8221;][et_pb_text _builder_version=&#8221;4.22.1&#8243; _module_preset=&#8221;default&#8221; header_3_font=&#8221;||||||||&#8221; header_3_font_size=&#8221;3em&#8221; custom_margin=&#8221;||5px|||&#8221; global_colors_info=&#8221;{}&#8221;]<\/p>\n<h3>Luc Villeneuve<\/h3>\n<p>[\/et_pb_text][et_pb_text _builder_version=&#8221;4.22.1&#8243; _module_preset=&#8221;default&#8221; global_colors_info=&#8221;{}&#8221;]<\/p>\n<p>Luc Villeneuve, a highly esteemed leader within the business community of Quebec, held the position of President of Deloitte in Quebec and Vice-President of Deloitte Canada until 2015. He has also served as an auditor for several major Canadian public corporations and has shared his extensive expertise in business development, management, and finance with hundreds of businesses. <\/p>\n<p>Mr. Villeneuve lends his knowledge and experience to a diverse range of boards, including public, private, and nonprofit organizations. His current board memberships include Logistec, Universit\u00e9 de Montr\u00e9al, where he also chairs the audit committee, the Richard and Edith Strauss Foundation, Portage, and the Fondation des Chambres de commerce du Qu\u00e9bec. He has also been a member of Cordon Bleu&#8217;s Board of Directors since 2015. <\/p>\n<p>In addition to holding the FCPA designation, he holds a bachelor&#8217;s degree in business administration from HEC Montr\u00e9al. He is also a graduate of McGill University&#8217;s Directors Education Program and of the Institute of Corporate Directors. <\/p>\n<p>[\/et_pb_text][\/et_pb_column][et_pb_column type=&#8221;2_5&#8243; _builder_version=&#8221;4.19.1&#8243; _module_preset=&#8221;default&#8221; global_colors_info=&#8221;{}&#8221;][dipi_floating_multi_images fmi_height_tablet=&#8221;&#8221; fmi_height_phone=&#8221;200px&#8221; fmi_height_last_edited=&#8221;on|phone&#8221; _builder_version=&#8221;4.27.0&#8243; _module_preset=&#8221;default&#8221; width=&#8221;80%&#8221; module_alignment=&#8221;center&#8221; custom_padding_tablet=&#8221;10%||25%||false|false&#8221; custom_padding_phone=&#8221;0%||0%||true|false&#8221; custom_padding_last_edited=&#8221;on|tablet&#8221; animation_style=&#8221;fade&#8221; hover_enabled=&#8221;0&#8243; global_colors_info=&#8221;{}&#8221; sticky_enabled=&#8221;0&#8243;][dipi_floating_multi_images_child img_src=&#8221;https:\/\/clarkcordonbleu.ca\/wp-content\/uploads\/2023\/11\/luc-villeneuve.jpg&#8221; img_alt=&#8221;Daniel Nizri Vice-President, Finance and Supply Chain&#8221; _builder_version=&#8221;4.22.1&#8243; _module_preset=&#8221;default&#8221; border_radii_item=&#8221;on|100%|100%|100%|100%&#8221; global_colors_info=&#8221;{}&#8221;][\/dipi_floating_multi_images_child][\/dipi_floating_multi_images][\/et_pb_column][\/et_pb_row][\/et_pb_section][et_pb_section fb_built=&#8221;1&#8243; _builder_version=&#8221;4.19.1&#8243; _module_preset=&#8221;default&#8221; background_color=&#8221;#FFFFFF&#8221; custom_padding=&#8221;5%||5%||true|false&#8221; global_colors_info=&#8221;{}&#8221;][et_pb_row column_structure=&#8221;2_5,3_5&#8243; _builder_version=&#8221;4.27.0&#8243; _module_preset=&#8221;default&#8221; max_width=&#8221;80%&#8221; hover_enabled=&#8221;0&#8243; global_colors_info=&#8221;{}&#8221; custom_css_main_element_last_edited=&#8221;on|tablet&#8221; custom_css_main_element_tablet=&#8221;display: flex;||flex-direction: column-reverse;&#8221; custom_css_main_element_phone=&#8221;display: flex;||flex-direction: column-reverse;&#8221; sticky_enabled=&#8221;0&#8243;][et_pb_column type=&#8221;2_5&#8243; _builder_version=&#8221;4.19.1&#8243; _module_preset=&#8221;default&#8221; global_colors_info=&#8221;{}&#8221;][dipi_floating_multi_images fmi_height_tablet=&#8221;&#8221; fmi_height_phone=&#8221;180px&#8221; fmi_height_last_edited=&#8221;on|phone&#8221; _builder_version=&#8221;4.27.0&#8243; _module_preset=&#8221;default&#8221; width=&#8221;80%&#8221; module_alignment=&#8221;center&#8221; animation_style=&#8221;fade&#8221; hover_enabled=&#8221;0&#8243; global_colors_info=&#8221;{}&#8221; sticky_enabled=&#8221;0&#8243;][dipi_floating_multi_images_child img_src=&#8221;https:\/\/clarkcordonbleu.ca\/wp-content\/uploads\/2023\/11\/jacques-nantel.jpg&#8221; img_alt=&#8221;Jacques Nantel&#8221; _builder_version=&#8221;4.27.0&#8243; _module_preset=&#8221;default&#8221; border_radii_item=&#8221;on|100%|100%|100%|100%&#8221; global_colors_info=&#8221;{}&#8221;][\/dipi_floating_multi_images_child][\/dipi_floating_multi_images][\/et_pb_column][et_pb_column type=&#8221;3_5&#8243; _builder_version=&#8221;4.19.1&#8243; _module_preset=&#8221;default&#8221; global_colors_info=&#8221;{}&#8221;][et_pb_text _builder_version=&#8221;4.27.0&#8243; _module_preset=&#8221;default&#8221; header_3_font=&#8221;||||||||&#8221; header_3_font_size=&#8221;3em&#8221; custom_margin=&#8221;||5px|||&#8221; global_colors_info=&#8221;{}&#8221;]<\/p>\n<h3>Jacques Nantel<\/h3>\n<p>[\/et_pb_text][et_pb_text _builder_version=&#8221;4.27.0&#8243; _module_preset=&#8221;default&#8221; custom_margin_tablet=&#8221;||48px||false|false&#8221; custom_margin_phone=&#8221;||32px||false|false&#8221; custom_margin_last_edited=&#8221;on|phone&#8221; global_colors_info=&#8221;{}&#8221;]<\/p>\n<p>Jacques Nantel is a Professor Emeritus at HEC Montr\u00e9al and a member of the Order of Canada. His expertise as a researcher specializing in marketing has earned him recognition as a leading authority in Quebec&#8217;s retail and food industries. Ambitious organizations eagerly seek his expertise, valuing his unparalleled understanding of consumer dynamics.<\/p>\n<p>Working at one of Canada&#8217;s top academic institutions, Mr. Nantel has earned consistent recognition from his peers and other universities for his academic leadership and his achievements in marketing research.<\/p>\n<p>Proud holder of a Ph.D. with distinction in Business Administration from Indiana University, he has written for prestigious business journals and served on the boards of numerous companies and organizations, including Vid\u00e9otron, L\u00e9ger Marketing, and Coll\u00e8ge Jean-de-Br\u00e9beuf. He has been a member of Cordon Bleu&#8217;s Board of Directors since 2019.<\/p>\n<p>[\/et_pb_text][\/et_pb_column][\/et_pb_row][\/et_pb_section][et_pb_section fb_built=&#8221;1&#8243; module_id=&#8221;pierre-morin&#8221; _builder_version=&#8221;4.19.1&#8243; _module_preset=&#8221;default&#8221; background_color=&#8221;#ffffff&#8221; custom_padding=&#8221;5%||5%||false|false&#8221; global_colors_info=&#8221;{}&#8221;][et_pb_row column_structure=&#8221;3_5,2_5&#8243; _builder_version=&#8221;4.22.1&#8243; _module_preset=&#8221;default&#8221; max_width=&#8221;80%&#8221; hover_enabled=&#8221;0&#8243; global_colors_info=&#8221;{}&#8221; sticky_enabled=&#8221;0&#8243;][et_pb_column type=&#8221;3_5&#8243; _builder_version=&#8221;4.19.1&#8243; _module_preset=&#8221;default&#8221; global_colors_info=&#8221;{}&#8221;][et_pb_text _builder_version=&#8221;4.27.0&#8243; _module_preset=&#8221;default&#8221; header_3_font=&#8221;||||||||&#8221; header_3_font_size=&#8221;3em&#8221; custom_margin=&#8221;||5px|||&#8221; global_colors_info=&#8221;{}&#8221;]<\/p>\n<h3>Marc Poulin<\/h3>\n<p>[\/et_pb_text][et_pb_text _builder_version=&#8221;4.22.1&#8243; _module_preset=&#8221;default&#8221; global_colors_info=&#8221;{}&#8221;]<\/p>\n<p>Marc Poulin is a highly regarded professional noted for his expertise in the food retail industry. Additionally, he is a seasoned corporate director with extensive experience in the field.<\/p>\n<p>Mr. Poulin, a certified actuary, served as the President and CEO of Empire, Sobey&#8217;s parent company, from 2012 through 2016. During his 19 years at Empire, he held various positions, including President of Operations for Quebec. Prior to that, he had held strategic positions at Groupe Vie Desjardins-Laurentienne and Culinar. <\/p>\n<p>In recent years, Mr. Poulin has served on the boards of the Chamber of Commerce of Metropolitan Montreal, Groupe Sportscene, and the Montreal Heart Institute Foundation. In addition to serving as a member of Cordon Bleu&#8217;s Board of Directors since 2022, he holds a seat on iA Groupe financier and Quincaillerie Richelieu\u2019s boards. <\/p>\n<p>[\/et_pb_text][\/et_pb_column][et_pb_column type=&#8221;2_5&#8243; _builder_version=&#8221;4.19.1&#8243; _module_preset=&#8221;default&#8221; global_colors_info=&#8221;{}&#8221;][dipi_floating_multi_images fmi_height_tablet=&#8221;&#8221; fmi_height_phone=&#8221;200px&#8221; fmi_height_last_edited=&#8221;on|phone&#8221; _builder_version=&#8221;4.27.0&#8243; _module_preset=&#8221;default&#8221; width=&#8221;80%&#8221; module_alignment=&#8221;center&#8221; animation_style=&#8221;fade&#8221; hover_enabled=&#8221;0&#8243; global_colors_info=&#8221;{}&#8221; sticky_enabled=&#8221;0&#8243;][dipi_floating_multi_images_child img_src=&#8221;https:\/\/clarkcordonbleu.ca\/wp-content\/uploads\/2023\/11\/marc-poulin.jpg&#8221; img_alt=&#8221;Marc Poulin&#8221; _builder_version=&#8221;4.27.0&#8243; _module_preset=&#8221;default&#8221; border_radii_item=&#8221;on|100%|100%|100%|100%&#8221; global_colors_info=&#8221;{}&#8221;][\/dipi_floating_multi_images_child][\/dipi_floating_multi_images][\/et_pb_column][\/et_pb_row][\/et_pb_section][et_pb_section fb_built=&#8221;1&#8243; custom_padding_last_edited=&#8221;on|phone&#8221; _builder_version=&#8221;4.27.0&#8243; _module_preset=&#8221;default&#8221; background_color=&#8221;#ffffff&#8221; custom_margin=&#8221;||0px||false|false&#8221; custom_padding=&#8221;5%||7%||false|false&#8221; custom_padding_tablet=&#8221;5%||20%||false|false&#8221; custom_padding_phone=&#8221;||24%||false|false&#8221; bottom_divider_style=&#8221;wave&#8221; bottom_divider_color=&#8221;#C11E3C&#8221; bottom_divider_height=&#8221;120px&#8221; global_colors_info=&#8221;{}&#8221;][et_pb_row column_structure=&#8221;2_5,3_5&#8243; _builder_version=&#8221;4.27.0&#8243; _module_preset=&#8221;default&#8221; max_width=&#8221;80%&#8221; hover_enabled=&#8221;0&#8243; global_colors_info=&#8221;{}&#8221; custom_css_main_element_last_edited=&#8221;on|tablet&#8221; custom_css_main_element_tablet=&#8221;display: flex;||flex-direction: column-reverse;||padding-bottom:0 !important;&#8221; custom_css_main_element_phone=&#8221;display: flex;||flex-direction: column-reverse;||padding-bottom:0 !important;&#8221; sticky_enabled=&#8221;0&#8243;][et_pb_column type=&#8221;2_5&#8243; _builder_version=&#8221;4.19.1&#8243; _module_preset=&#8221;default&#8221; global_colors_info=&#8221;{}&#8221;][dipi_floating_multi_images fmi_height_tablet=&#8221;&#8221; fmi_height_phone=&#8221;298px&#8221; fmi_height_last_edited=&#8221;on|phone&#8221; _builder_version=&#8221;4.27.0&#8243; _module_preset=&#8221;default&#8221; width=&#8221;80%&#8221; module_alignment=&#8221;center&#8221; animation_style=&#8221;fade&#8221; hover_enabled=&#8221;0&#8243; global_colors_info=&#8221;{}&#8221; sticky_enabled=&#8221;0&#8243;][dipi_floating_multi_images_child img_src=&#8221;https:\/\/clarkcordonbleu.ca\/wp-content\/uploads\/2023\/11\/chantal-glenisson.jpg&#8221; img_alt=&#8221;Chantal Glenisson&#8221; _builder_version=&#8221;4.27.0&#8243; _module_preset=&#8221;default&#8221; border_radii_item=&#8221;on|100%|100%|100%|100%&#8221; global_colors_info=&#8221;{}&#8221;][\/dipi_floating_multi_images_child][\/dipi_floating_multi_images][\/et_pb_column][et_pb_column type=&#8221;3_5&#8243; _builder_version=&#8221;4.19.1&#8243; _module_preset=&#8221;default&#8221; global_colors_info=&#8221;{}&#8221;][et_pb_text _builder_version=&#8221;4.22.1&#8243; _module_preset=&#8221;default&#8221; header_3_font=&#8221;||||||||&#8221; header_3_font_size=&#8221;3em&#8221; custom_margin=&#8221;||5px|||&#8221; global_colors_info=&#8221;{}&#8221;]<\/p>\n<h3>Chantal Glenisson<\/h3>\n<p>[\/et_pb_text][et_pb_text _builder_version=&#8221;4.27.0&#8243; _module_preset=&#8221;default&#8221; custom_margin_tablet=&#8221;||48px||false|false&#8221; custom_margin_phone=&#8221;||32px||false|false&#8221; custom_margin_last_edited=&#8221;on|tablet&#8221; custom_padding_last_edited=&#8221;off|phone&#8221; global_colors_info=&#8221;{}&#8221;]<\/p>\n<p>Chantal Glenisson is recognized for her in-depth retail expertise, particularly in corporate strategy, retail operations, supply chain and commercialisation. She is also renowned for her ability to lead multi-functional teams in ever-changing environments.<\/p>\n<p>She is a seasoned executive who has over thirty years&#8217; experience in senior management positions in a number of leading organizations, including Loblaw, Walmart Canada, Rona, and as the CEO of AUB Corporation. In recent years, her focus has been on managing private and nonprofit organizations. She has also been active as a business coach, offering guidance to leadership teams across a diverse range of organizations.<\/p>\n<p>As a member of Cordon Bleu&#8217;s Board of Directors since 2023, Mrs. Glenisson combines her consumer insights and growth-focused leadership to drive the company&#8217;s development and success.<\/p>\n<p>[\/et_pb_text][\/et_pb_column][\/et_pb_row][\/et_pb_section]<\/p>\n","protected":false},"excerpt":{"rendered":"<p>Our Board of Directors &nbsp;John LeBoutillierRenowned for his successful track record, John LeBoutillier, Chairman of Cordon Bleu\u2019s Board of Directors is a highly respected figure in business. His extensive experience in corporate strategy and market development, coupled with his global outlook, allows him to make significant contributions to the boards he serves. Throughout his career, [&hellip;]<\/p>\n","protected":false},"author":2,"featured_media":22991461,"parent":0,"menu_order":0,"comment_status":"closed","ping_status":"closed","template":"","meta":{"_acf_changed":false,"_et_pb_use_builder":"on","_et_pb_old_content":"","_et_gb_content_width":"","inline_featured_image":false,"footnotes":""},"dipi_cpt_category":[],"class_list":["post-22992559","page","type-page","status-publish","has-post-thumbnail","hentry"],"acf":[],"yoast_head":"<!-- This site is optimized with the Yoast SEO Premium plugin v25.9 (Yoast SEO v27.4) - https:\/\/yoast.com\/product\/yoast-seo-premium-wordpress\/ -->\n<title>Cordon Bleu Board of directors<\/title>\n<meta name=\"description\" content=\"Meet Cordon Bleu&#039;s board of directors and learn more about their expertise and career journey.\" \/>\n<meta name=\"robots\" content=\"noindex, follow\" \/>\n<meta property=\"og:locale\" content=\"en_US\" \/>\n<meta property=\"og:type\" content=\"article\" \/>\n<meta property=\"og:title\" content=\"Our Board of Directors\" \/>\n<meta property=\"og:description\" content=\"Meet Cordon Bleu&#039;s board of directors and learn more about their expertise and career journey.\" \/>\n<meta property=\"og:url\" content=\"https:\/\/clarkcordonbleu.ca\/en\/our-board-of-directors\/\" \/>\n<meta property=\"og:site_name\" content=\"Cordon Bleu\" \/>\n<meta property=\"article:publisher\" content=\"https:\/\/www.facebook.com\/alimentscordonbleu\" \/>\n<meta property=\"article:modified_time\" content=\"2024-11-12T19:14:34+00:00\" \/>\n<meta property=\"og:image\" content=\"https:\/\/clarkcordonbleu.ca\/wp-content\/uploads\/2023\/11\/john-lebouthiller.jpg\" \/>\n\t<meta property=\"og:image:width\" content=\"800\" \/>\n\t<meta property=\"og:image:height\" content=\"800\" \/>\n\t<meta property=\"og:image:type\" content=\"image\/jpeg\" \/>\n<meta name=\"twitter:card\" content=\"summary_large_image\" \/>\n<meta name=\"twitter:label1\" content=\"Est. reading time\" \/>\n\t<meta name=\"twitter:data1\" content=\"6 minutes\" \/>\n<script type=\"application\/ld+json\" class=\"yoast-schema-graph\">{\"@context\":\"https:\\\/\\\/schema.org\",\"@graph\":[{\"@type\":\"WebPage\",\"@id\":\"https:\\\/\\\/clarkcordonbleu.ca\\\/en\\\/our-board-of-directors\\\/\",\"url\":\"https:\\\/\\\/clarkcordonbleu.ca\\\/en\\\/our-board-of-directors\\\/\",\"name\":\"Cordon Bleu Board of directors\",\"isPartOf\":{\"@id\":\"https:\\\/\\\/clarkcordonbleu.ca\\\/en\\\/#website\"},\"primaryImageOfPage\":{\"@id\":\"https:\\\/\\\/clarkcordonbleu.ca\\\/en\\\/our-board-of-directors\\\/#primaryimage\"},\"image\":{\"@id\":\"https:\\\/\\\/clarkcordonbleu.ca\\\/en\\\/our-board-of-directors\\\/#primaryimage\"},\"thumbnailUrl\":\"https:\\\/\\\/clarkcordonbleu.ca\\\/wp-content\\\/uploads\\\/2023\\\/11\\\/john-lebouthiller.jpg\",\"datePublished\":\"2023-10-04T16:24:21+00:00\",\"dateModified\":\"2024-11-12T19:14:34+00:00\",\"description\":\"Meet Cordon Bleu's board of directors and learn more about their expertise and career journey.\",\"breadcrumb\":{\"@id\":\"https:\\\/\\\/clarkcordonbleu.ca\\\/en\\\/our-board-of-directors\\\/#breadcrumb\"},\"inLanguage\":\"en-US\",\"potentialAction\":[{\"@type\":\"ReadAction\",\"target\":[\"https:\\\/\\\/clarkcordonbleu.ca\\\/en\\\/our-board-of-directors\\\/\"]}]},{\"@type\":\"ImageObject\",\"inLanguage\":\"en-US\",\"@id\":\"https:\\\/\\\/clarkcordonbleu.ca\\\/en\\\/our-board-of-directors\\\/#primaryimage\",\"url\":\"https:\\\/\\\/clarkcordonbleu.ca\\\/wp-content\\\/uploads\\\/2023\\\/11\\\/john-lebouthiller.jpg\",\"contentUrl\":\"https:\\\/\\\/clarkcordonbleu.ca\\\/wp-content\\\/uploads\\\/2023\\\/11\\\/john-lebouthiller.jpg\",\"width\":800,\"height\":800},{\"@type\":\"BreadcrumbList\",\"@id\":\"https:\\\/\\\/clarkcordonbleu.ca\\\/en\\\/our-board-of-directors\\\/#breadcrumb\",\"itemListElement\":[{\"@type\":\"ListItem\",\"position\":1,\"name\":\"Home\",\"item\":\"https:\\\/\\\/clarkcordonbleu.ca\\\/en\\\/\"},{\"@type\":\"ListItem\",\"position\":2,\"name\":\"Our Board of Directors\"}]},{\"@type\":\"WebSite\",\"@id\":\"https:\\\/\\\/clarkcordonbleu.ca\\\/en\\\/#website\",\"url\":\"https:\\\/\\\/clarkcordonbleu.ca\\\/en\\\/\",\"name\":\"Cordon Bleu\",\"description\":\"Depuis 1933, entreprise de transformation alimentaire fi\u00e8rement qu\u00e9b\u00e9coise\",\"publisher\":{\"@id\":\"https:\\\/\\\/clarkcordonbleu.ca\\\/en\\\/#organization\"},\"alternateName\":\"Aliments Ouimet \u2013 Cordon Bleu\",\"potentialAction\":[{\"@type\":\"SearchAction\",\"target\":{\"@type\":\"EntryPoint\",\"urlTemplate\":\"https:\\\/\\\/clarkcordonbleu.ca\\\/en\\\/?s={search_term_string}\"},\"query-input\":{\"@type\":\"PropertyValueSpecification\",\"valueRequired\":true,\"valueName\":\"search_term_string\"}}],\"inLanguage\":\"en-US\"},{\"@type\":\"Organization\",\"@id\":\"https:\\\/\\\/clarkcordonbleu.ca\\\/en\\\/#organization\",\"name\":\"Cordon Bleu\",\"alternateName\":\"Aliments Ouimet \u2013 Cordon Bleu\",\"url\":\"https:\\\/\\\/clarkcordonbleu.ca\\\/en\\\/\",\"logo\":{\"@type\":\"ImageObject\",\"inLanguage\":\"en-US\",\"@id\":\"https:\\\/\\\/clarkcordonbleu.ca\\\/en\\\/#\\\/schema\\\/logo\\\/image\\\/\",\"url\":\"https:\\\/\\\/clarkcordonbleu.ca\\\/wp-content\\\/uploads\\\/2023\\\/02\\\/logo-cordon-bleu-696x696-1.jpg\",\"contentUrl\":\"https:\\\/\\\/clarkcordonbleu.ca\\\/wp-content\\\/uploads\\\/2023\\\/02\\\/logo-cordon-bleu-696x696-1.jpg\",\"width\":696,\"height\":696,\"caption\":\"Cordon Bleu\"},\"image\":{\"@id\":\"https:\\\/\\\/clarkcordonbleu.ca\\\/en\\\/#\\\/schema\\\/logo\\\/image\\\/\"},\"sameAs\":[\"https:\\\/\\\/www.facebook.com\\\/alimentscordonbleu\",\"https:\\\/\\\/fr.linkedin.com\\\/company\\\/devienscordonbleu\",\"https:\\\/\\\/www.instagram.com\\\/cordonbleu.aocb\\\/\"]}]}<\/script>\n<!-- \/ Yoast SEO Premium plugin. -->","yoast_head_json":{"title":"Cordon Bleu Board of directors","description":"Meet Cordon Bleu's board of directors and learn more about their expertise and career journey.","robots":{"index":"noindex","follow":"follow"},"og_locale":"en_US","og_type":"article","og_title":"Our Board of Directors","og_description":"Meet Cordon Bleu's board of directors and learn more about their expertise and career journey.","og_url":"https:\/\/clarkcordonbleu.ca\/en\/our-board-of-directors\/","og_site_name":"Cordon Bleu","article_publisher":"https:\/\/www.facebook.com\/alimentscordonbleu","article_modified_time":"2024-11-12T19:14:34+00:00","og_image":[{"width":800,"height":800,"url":"https:\/\/clarkcordonbleu.ca\/wp-content\/uploads\/2023\/11\/john-lebouthiller.jpg","type":"image\/jpeg"}],"twitter_card":"summary_large_image","twitter_misc":{"Est. reading time":"6 minutes"},"schema":{"@context":"https:\/\/schema.org","@graph":[{"@type":"WebPage","@id":"https:\/\/clarkcordonbleu.ca\/en\/our-board-of-directors\/","url":"https:\/\/clarkcordonbleu.ca\/en\/our-board-of-directors\/","name":"Cordon Bleu Board of directors","isPartOf":{"@id":"https:\/\/clarkcordonbleu.ca\/en\/#website"},"primaryImageOfPage":{"@id":"https:\/\/clarkcordonbleu.ca\/en\/our-board-of-directors\/#primaryimage"},"image":{"@id":"https:\/\/clarkcordonbleu.ca\/en\/our-board-of-directors\/#primaryimage"},"thumbnailUrl":"https:\/\/clarkcordonbleu.ca\/wp-content\/uploads\/2023\/11\/john-lebouthiller.jpg","datePublished":"2023-10-04T16:24:21+00:00","dateModified":"2024-11-12T19:14:34+00:00","description":"Meet Cordon Bleu's board of directors and learn more about their expertise and career journey.","breadcrumb":{"@id":"https:\/\/clarkcordonbleu.ca\/en\/our-board-of-directors\/#breadcrumb"},"inLanguage":"en-US","potentialAction":[{"@type":"ReadAction","target":["https:\/\/clarkcordonbleu.ca\/en\/our-board-of-directors\/"]}]},{"@type":"ImageObject","inLanguage":"en-US","@id":"https:\/\/clarkcordonbleu.ca\/en\/our-board-of-directors\/#primaryimage","url":"https:\/\/clarkcordonbleu.ca\/wp-content\/uploads\/2023\/11\/john-lebouthiller.jpg","contentUrl":"https:\/\/clarkcordonbleu.ca\/wp-content\/uploads\/2023\/11\/john-lebouthiller.jpg","width":800,"height":800},{"@type":"BreadcrumbList","@id":"https:\/\/clarkcordonbleu.ca\/en\/our-board-of-directors\/#breadcrumb","itemListElement":[{"@type":"ListItem","position":1,"name":"Home","item":"https:\/\/clarkcordonbleu.ca\/en\/"},{"@type":"ListItem","position":2,"name":"Our Board of Directors"}]},{"@type":"WebSite","@id":"https:\/\/clarkcordonbleu.ca\/en\/#website","url":"https:\/\/clarkcordonbleu.ca\/en\/","name":"Cordon Bleu","description":"Depuis 1933, entreprise de transformation alimentaire fi\u00e8rement qu\u00e9b\u00e9coise","publisher":{"@id":"https:\/\/clarkcordonbleu.ca\/en\/#organization"},"alternateName":"Aliments Ouimet \u2013 Cordon Bleu","potentialAction":[{"@type":"SearchAction","target":{"@type":"EntryPoint","urlTemplate":"https:\/\/clarkcordonbleu.ca\/en\/?s={search_term_string}"},"query-input":{"@type":"PropertyValueSpecification","valueRequired":true,"valueName":"search_term_string"}}],"inLanguage":"en-US"},{"@type":"Organization","@id":"https:\/\/clarkcordonbleu.ca\/en\/#organization","name":"Cordon Bleu","alternateName":"Aliments Ouimet \u2013 Cordon Bleu","url":"https:\/\/clarkcordonbleu.ca\/en\/","logo":{"@type":"ImageObject","inLanguage":"en-US","@id":"https:\/\/clarkcordonbleu.ca\/en\/#\/schema\/logo\/image\/","url":"https:\/\/clarkcordonbleu.ca\/wp-content\/uploads\/2023\/02\/logo-cordon-bleu-696x696-1.jpg","contentUrl":"https:\/\/clarkcordonbleu.ca\/wp-content\/uploads\/2023\/02\/logo-cordon-bleu-696x696-1.jpg","width":696,"height":696,"caption":"Cordon Bleu"},"image":{"@id":"https:\/\/clarkcordonbleu.ca\/en\/#\/schema\/logo\/image\/"},"sameAs":["https:\/\/www.facebook.com\/alimentscordonbleu","https:\/\/fr.linkedin.com\/company\/devienscordonbleu","https:\/\/www.instagram.com\/cordonbleu.aocb\/"]}]}},"_links":{"self":[{"href":"https:\/\/clarkcordonbleu.ca\/en\/wp-json\/wp\/v2\/pages\/22992559","targetHints":{"allow":["GET"]}}],"collection":[{"href":"https:\/\/clarkcordonbleu.ca\/en\/wp-json\/wp\/v2\/pages"}],"about":[{"href":"https:\/\/clarkcordonbleu.ca\/en\/wp-json\/wp\/v2\/types\/page"}],"author":[{"embeddable":true,"href":"https:\/\/clarkcordonbleu.ca\/en\/wp-json\/wp\/v2\/users\/2"}],"replies":[{"embeddable":true,"href":"https:\/\/clarkcordonbleu.ca\/en\/wp-json\/wp\/v2\/comments?post=22992559"}],"version-history":[{"count":9,"href":"https:\/\/clarkcordonbleu.ca\/en\/wp-json\/wp\/v2\/pages\/22992559\/revisions"}],"predecessor-version":[{"id":22992871,"href":"https:\/\/clarkcordonbleu.ca\/en\/wp-json\/wp\/v2\/pages\/22992559\/revisions\/22992871"}],"wp:featuredmedia":[{"embeddable":true,"href":"https:\/\/clarkcordonbleu.ca\/en\/wp-json\/wp\/v2\/media\/22991461"}],"wp:attachment":[{"href":"https:\/\/clarkcordonbleu.ca\/en\/wp-json\/wp\/v2\/media?parent=22992559"}],"wp:term":[{"taxonomy":"dipi_cpt_category","embeddable":true,"href":"https:\/\/clarkcordonbleu.ca\/en\/wp-json\/wp\/v2\/dipi_cpt_category?post=22992559"}],"curies":[{"name":"wp","href":"https:\/\/api.w.org\/{rel}","templated":true}]}}